{"id":10960,"date":"2016-08-24T17:17:38","date_gmt":"2016-08-24T14:17:38","guid":{"rendered":"http:\/\/manoteises.lt\/?page_id=10960"},"modified":"2022-07-12T19:33:36","modified_gmt":"2022-07-12T16:33:36","slug":"siauliai","status":"publish","type":"page","link":"https:\/\/manoteises.lt\/atminimo-akmenys\/siauliai\/","title":{"rendered":"\u0160iauliai"},"content":{"rendered":"<p style=\"text-align: justify;\">1939 m. \u0160iauliuose gyveno 8000\u20138500 \u017eyd\u0173, arba ma\u017edaug ketvirtadalis miesto gyventoj\u0173. Naciams \u012f\u017eengus \u012f \u0160iaulius, visi \u010dia buv\u0119 \u017eydai pateko \u012f fa\u0161ist\u0173 nelaisv\u0119: 1941 m. bir\u017eelio 28 d. prasid\u0117jo \u017eyd\u0173 are\u0161tai ir masiniai naikinimai. Pirmosiomis okupacijos savait\u0117mis buvo suimta ir nu\u017eudyta apie 1200 vyr\u0173. Ma\u017edaug po m\u0117nesio \u0160iauliuose atsirado du getai, kur glaud\u0117si apie 6000 \u017emoni\u0173.<\/p>\n<p style=\"text-align: justify;\">Getas veik\u0117 iki 1944 m., jame, kaip ir kitose Lietuvos vietose, rengtos \u017eudymo akcijos. Likviduojant get\u0105, lik\u0119 \u017emon\u0117s i\u0161ve\u017eti \u012f Vokietijos koncentracijos stovyklas. Ma\u017eesni\u0173 miesteli\u0173 gyventojai buvo su\u0161audyti vietoje.<\/p>\n<p style=\"text-align: justify;\">Skai\u010diuojama, kad i\u0161 viso po karo \u0160iauliuose liko tik 350\u2013500 \u017eyd\u0173.<\/p>\n<p style=\"text-align: justify;\"><a href=\"http:\/\/www.atminimoakmenys.lt\/\" target=\"_blank\" rel=\"noopener noreferrer\">Atminimo akmenys<\/a>\u00a0\u012frengti \u0161iems\u00a0\u0161iaulie\u010diams atminti:<\/p>\n","protected":false},"excerpt":{"rendered":"<p>1939 m. \u0160iauliuose gyveno 8000\u20138500 \u017eyd\u0173, arba ma\u017edaug ketvirtadalis miesto gyventoj\u0173. Naciams \u012f\u017eengus \u012f \u0160iaulius, visi \u010dia buv\u0119 \u017eydai pateko \u012f fa\u0161ist\u0173 nelaisv\u0119: 1941 m. bir\u017eelio 28 d. prasid\u0117jo \u017eyd\u0173 are\u0161tai ir masiniai naikinimai. Pirmosiomis okupacijos savait\u0117mis buvo suimta ir nu\u017eudyta apie 1200 vyr\u0173. Ma\u017edaug po m\u0117nesio \u0160iauliuose atsirado du getai, kur glaud\u0117si apie 6000<\/p>\n","protected":false},"author":15,"featured_media":0,"parent":0,"menu_order":10,"comment_status":"closed","ping_status":"closed","template":"page-akmenys-miestas.php","meta":{"_acf_changed":false,"footnotes":""},"class_list":["post-10960","page","type-page","status-publish","hentry"],"acf":[],"yoast_head":"<!-- This site is optimized with the Yoast SEO plugin v26.9 - https:\/\/yoast.com\/product\/yoast-seo-wordpress\/ -->\n<title>\u0160iauliai - Atminimo akmenys<\/title>\n<meta name=\"description\" content=\"Atminimo akmenys \u0160iauliai, Samuelis Petuchauskas, Urijus Rozovskis, \u0160iauli\u0173 getas, \u0160iauliai, Holokaustas, Antrasis pasaulinis karas\" \/>\n<meta name=\"robots\" content=\"index, follow, max-snippet:-1, max-image-preview:large, max-video-preview:-1\" \/>\n<link rel=\"canonical\" href=\"https:\/\/manoteises.lt\/atminimo-akmenys\/siauliai\/\" \/>\n<meta name=\"twitter:label1\" content=\"Est. reading time\" \/>\n\t<meta name=\"twitter:data1\" content=\"1 minute\" \/>\n<script type=\"application\/ld+json\" class=\"yoast-schema-graph\">{\"@context\":\"https:\/\/schema.org\",\"@graph\":[{\"@type\":\"WebPage\",\"@id\":\"https:\/\/manoteises.lt\/atminimo-akmenys\/siauliai\/\",\"url\":\"https:\/\/manoteises.lt\/atminimo-akmenys\/siauliai\/\",\"name\":\"\u0160iauliai\",\"isPartOf\":{\"@id\":\"https:\/\/manoteises.lt\/atminimo-akmenys\/#website\"},\"datePublished\":\"2016-08-24T14:17:38+00:00\",\"dateModified\":\"2022-07-12T16:33:36+00:00\",\"description\":\"Atminimo akmenys \u0160iauliai, Samuelis Petuchauskas, Urijus Rozovskis, \u0160iauli\u0173 getas, \u0160iauliai, Holokaustas, Antrasis pasaulinis karas\",\"breadcrumb\":{\"@id\":\"https:\/\/manoteises.lt\/atminimo-akmenys\/siauliai\/#breadcrumb\"},\"inLanguage\":\"en-US\",\"potentialAction\":[{\"@type\":\"ReadAction\",\"target\":[\"https:\/\/manoteises.lt\/atminimo-akmenys\/siauliai\/\"]}]},{\"@type\":\"BreadcrumbList\",\"@id\":\"https:\/\/manoteises.lt\/atminimo-akmenys\/siauliai\/#breadcrumb\",\"itemListElement\":[{\"@type\":\"ListItem\",\"position\":1,\"name\":\"Home\",\"item\":\"https:\/\/manoteises.lt\/atminimo-akmenys\/\"},{\"@type\":\"ListItem\",\"position\":2,\"name\":\"\u0160iauliai\"}]},{\"@type\":\"WebSite\",\"@id\":\"https:\/\/manoteises.lt\/atminimo-akmenys\/#website\",\"url\":\"https:\/\/manoteises.lt\/atminimo-akmenys\/\",\"name\":\"Atminimo akmenys\",\"description\":\"\",\"potentialAction\":[{\"@type\":\"SearchAction\",\"target\":{\"@type\":\"EntryPoint\",\"urlTemplate\":\"https:\/\/manoteises.lt\/atminimo-akmenys\/?s={search_term_string}\"},\"query-input\":{\"@type\":\"PropertyValueSpecification\",\"valueRequired\":true,\"valueName\":\"search_term_string\"}}],\"inLanguage\":\"en-US\"}]}<\/script>\n<!-- \/ Yoast SEO plugin. -->","yoast_head_json":{"title":"\u0160iauliai - Atminimo akmenys","description":"Atminimo akmenys \u0160iauliai, Samuelis Petuchauskas, Urijus Rozovskis, \u0160iauli\u0173 getas, \u0160iauliai, Holokaustas, Antrasis pasaulinis karas","robots":{"index":"index","follow":"follow","max-snippet":"max-snippet:-1","max-image-preview":"max-image-preview:large","max-video-preview":"max-video-preview:-1"},"canonical":"https:\/\/manoteises.lt\/atminimo-akmenys\/siauliai\/","twitter_misc":{"Est. reading time":"1 minute"},"schema":{"@context":"https:\/\/schema.org","@graph":[{"@type":"WebPage","@id":"https:\/\/manoteises.lt\/atminimo-akmenys\/siauliai\/","url":"https:\/\/manoteises.lt\/atminimo-akmenys\/siauliai\/","name":"\u0160iauliai","isPartOf":{"@id":"https:\/\/manoteises.lt\/atminimo-akmenys\/#website"},"datePublished":"2016-08-24T14:17:38+00:00","dateModified":"2022-07-12T16:33:36+00:00","description":"Atminimo akmenys \u0160iauliai, Samuelis Petuchauskas, Urijus Rozovskis, \u0160iauli\u0173 getas, \u0160iauliai, Holokaustas, Antrasis pasaulinis karas","breadcrumb":{"@id":"https:\/\/manoteises.lt\/atminimo-akmenys\/siauliai\/#breadcrumb"},"inLanguage":"en-US","potentialAction":[{"@type":"ReadAction","target":["https:\/\/manoteises.lt\/atminimo-akmenys\/siauliai\/"]}]},{"@type":"BreadcrumbList","@id":"https:\/\/manoteises.lt\/atminimo-akmenys\/siauliai\/#breadcrumb","itemListElement":[{"@type":"ListItem","position":1,"name":"Home","item":"https:\/\/manoteises.lt\/atminimo-akmenys\/"},{"@type":"ListItem","position":2,"name":"\u0160iauliai"}]},{"@type":"WebSite","@id":"https:\/\/manoteises.lt\/atminimo-akmenys\/#website","url":"https:\/\/manoteises.lt\/atminimo-akmenys\/","name":"Atminimo akmenys","description":"","potentialAction":[{"@type":"SearchAction","target":{"@type":"EntryPoint","urlTemplate":"https:\/\/manoteises.lt\/atminimo-akmenys\/?s={search_term_string}"},"query-input":{"@type":"PropertyValueSpecification","valueRequired":true,"valueName":"search_term_string"}}],"inLanguage":"en-US"}]}},"_links":{"self":[{"href":"https:\/\/manoteises.lt\/atminimo-akmenys\/wp-json\/wp\/v2\/pages\/10960","targetHints":{"allow":["GET"]}}],"collection":[{"href":"https:\/\/manoteises.lt\/atminimo-akmenys\/wp-json\/wp\/v2\/pages"}],"about":[{"href":"https:\/\/manoteises.lt\/atminimo-akmenys\/wp-json\/wp\/v2\/types\/page"}],"author":[{"embeddable":true,"href":"https:\/\/manoteises.lt\/atminimo-akmenys\/wp-json\/wp\/v2\/users\/15"}],"replies":[{"embeddable":true,"href":"https:\/\/manoteises.lt\/atminimo-akmenys\/wp-json\/wp\/v2\/comments?post=10960"}],"version-history":[{"count":1,"href":"https:\/\/manoteises.lt\/atminimo-akmenys\/wp-json\/wp\/v2\/pages\/10960\/revisions"}],"predecessor-version":[{"id":23172,"href":"https:\/\/manoteises.lt\/atminimo-akmenys\/wp-json\/wp\/v2\/pages\/10960\/revisions\/23172"}],"wp:attachment":[{"href":"https:\/\/manoteises.lt\/atminimo-akmenys\/wp-json\/wp\/v2\/media?parent=10960"}],"curies":[{"name":"wp","href":"https:\/\/api.w.org\/{rel}","templated":true}]}}