{"id":11093,"date":"2016-08-28T22:55:47","date_gmt":"2016-08-28T19:55:47","guid":{"rendered":"http:\/\/manoteises.lt\/?page_id=11093"},"modified":"2020-10-21T14:52:10","modified_gmt":"2020-10-21T11:52:10","slug":"semiaviciai","status":"publish","type":"page","link":"https:\/\/manoteises.lt\/atminimo-akmenys\/vilnius\/semiaviciai\/","title":{"rendered":"Lejba, Chaja ir Leja \u0160emiavi\u010diai"},"content":{"rendered":"<h1><strong>Lejba \u0160emiavi\u010dius, Chaja \u0160emiavi\u010dien\u0117-Shochot ir Leja \u0160emiavi\u010di\u016bt\u0117<\/strong><\/h1>\n<p style=\"text-align: justify;\"><strong>Lejba \u0160emiavi\u010dius<\/strong> (g. 1889, nu\u017eudytas 1943 m. Estijoje, Kohlos (Goldfields) koncentracijos stovykloje), <strong>Chaja \u0160emiavi\u010dien\u0117-Shochot<\/strong> (g. 1902, nu\u017eudyta 1943 m. Paneriuose) ir <strong>Leja \u0160emiavi\u010di\u016bt\u0117<\/strong> (g. 1931, sudeginta 1943 m. Bezdonyse).<\/p>\n<p style=\"text-align: justify;\">I\u0161 \u0161eimos i\u0161gyveno tik Michaelis, kuris po karo gr\u012f\u017eo \u012f namus ie\u0161koti sl\u0117ptuv\u0117je \u0161eimos nuotrauk\u0173, bet j\u0173 neberado, v\u0117liau band\u0117 i\u0161siai\u0161kinti ir artim\u0173j\u0173 likimus, o apie savo patirtis para\u0161\u0117 knyg\u0105.<\/p>\n<p style=\"text-align: justify;\">12-met\u0117 Leja buvo sudeginta Buzarais\u010dio durpyno barake. Vilniaus gete \u012fkalinti t\u0117vai j\u0105 i\u0161siunt\u0117 \u012f Bezdonis, esan\u010dius netoli durpyno, tik\u0117damiesi taip i\u0161gelb\u0117ti dukter\u012f nuo mirties.<\/p>\n<p style=\"text-align: justify;\">T\u0117v\u0173 \u2013 Lejbos ir Chajos \u2013 likimai taip pat tragi\u0161ki: Lejba i\u0161ve\u017etas \u012f koncentracijos stovykl\u0105 Estijoje, kur mir\u0117 nuo lig\u0173 ir i\u0161sekimo, Chaja su\u0161audyta Paneriuose.<\/p>\n<p style=\"text-align: justify;\"><strong>Atminimo akmenys \u0160emiavi\u010di\u0173 \u0161eimai \u012frengti Vasario 16-osios g. 8\/\u0160ermuk\u0161ni\u0173 g. 1 kampe, Vilniuje.<\/strong><\/p>\n","protected":false},"excerpt":{"rendered":"<p>Lejba \u0160emiavi\u010dius, Chaja \u0160emiavi\u010dien\u0117-Shochot ir Leja \u0160emiavi\u010di\u016bt\u0117 Lejba \u0160emiavi\u010dius (g. 1889, nu\u017eudytas 1943 m. Estijoje, Kohlos (Goldfields) koncentracijos stovykloje), Chaja \u0160emiavi\u010dien\u0117-Shochot (g. 1902, nu\u017eudyta 1943 m. Paneriuose) ir Leja \u0160emiavi\u010di\u016bt\u0117 (g. 1931, sudeginta 1943 m. Bezdonyse). I\u0161 \u0161eimos i\u0161gyveno tik Michaelis, kuris po karo gr\u012f\u017eo \u012f namus ie\u0161koti sl\u0117ptuv\u0117je \u0161eimos nuotrauk\u0173, bet j\u0173 neberado, v\u0117liau<\/p>\n","protected":false},"author":15,"featured_media":0,"parent":10958,"menu_order":0,"comment_status":"closed","ping_status":"closed","template":"page-akmenys-vidinis.php","meta":{"_acf_changed":false,"footnotes":""},"class_list":["post-11093","page","type-page","status-publish","hentry"],"acf":[],"yoast_head":"<!-- This site is optimized with the Yoast SEO plugin v26.9 - https:\/\/yoast.com\/product\/yoast-seo-wordpress\/ -->\n<title>Lejba, Chaja ir Leja \u0160emiavi\u010diai - Atminimo akmenys<\/title>\n<meta name=\"description\" content=\"Lejba, Chaja ir Leja \u0160emiavi\u010diai, Holokaustas, Vilnius, Vilniaus getas, Bezdoni\u0173 durpynas, Vasario 16-osios g. 8\/\u0160ermuk\u0161ni\u0173 g. 1 kampe, Paneriai\" \/>\n<meta name=\"robots\" content=\"index, follow, max-snippet:-1, max-image-preview:large, max-video-preview:-1\" \/>\n<link rel=\"canonical\" href=\"https:\/\/manoteises.lt\/atminimo-akmenys\/vilnius\/semiaviciai\/\" \/>\n<meta name=\"twitter:label1\" content=\"Est. reading time\" \/>\n\t<meta name=\"twitter:data1\" content=\"1 minute\" \/>\n<script type=\"application\/ld+json\" class=\"yoast-schema-graph\">{\"@context\":\"https:\/\/schema.org\",\"@graph\":[{\"@type\":\"WebPage\",\"@id\":\"https:\/\/manoteises.lt\/atminimo-akmenys\/vilnius\/semiaviciai\/\",\"url\":\"https:\/\/manoteises.lt\/atminimo-akmenys\/vilnius\/semiaviciai\/\",\"name\":\"Lejba, Chaja ir Leja \u0160emiavi\u010diai\",\"isPartOf\":{\"@id\":\"https:\/\/manoteises.lt\/atminimo-akmenys\/#website\"},\"datePublished\":\"2016-08-28T19:55:47+00:00\",\"dateModified\":\"2020-10-21T11:52:10+00:00\",\"description\":\"Lejba, Chaja ir Leja \u0160emiavi\u010diai, Holokaustas, Vilnius, Vilniaus getas, Bezdoni\u0173 durpynas, Vasario 16-osios g. 8\/\u0160ermuk\u0161ni\u0173 g. 1 kampe, Paneriai\",\"breadcrumb\":{\"@id\":\"https:\/\/manoteises.lt\/atminimo-akmenys\/vilnius\/semiaviciai\/#breadcrumb\"},\"inLanguage\":\"en-US\",\"potentialAction\":[{\"@type\":\"ReadAction\",\"target\":[\"https:\/\/manoteises.lt\/atminimo-akmenys\/vilnius\/semiaviciai\/\"]}]},{\"@type\":\"BreadcrumbList\",\"@id\":\"https:\/\/manoteises.lt\/atminimo-akmenys\/vilnius\/semiaviciai\/#breadcrumb\",\"itemListElement\":[{\"@type\":\"ListItem\",\"position\":1,\"name\":\"Home\",\"item\":\"https:\/\/manoteises.lt\/atminimo-akmenys\/\"},{\"@type\":\"ListItem\",\"position\":2,\"name\":\"Vilnius\",\"item\":\"https:\/\/manoteises.lt\/atminimo-akmenys\/vilnius\/\"},{\"@type\":\"ListItem\",\"position\":3,\"name\":\"Lejba, Chaja ir Leja \u0160emiavi\u010diai\"}]},{\"@type\":\"WebSite\",\"@id\":\"https:\/\/manoteises.lt\/atminimo-akmenys\/#website\",\"url\":\"https:\/\/manoteises.lt\/atminimo-akmenys\/\",\"name\":\"Atminimo akmenys\",\"description\":\"\",\"potentialAction\":[{\"@type\":\"SearchAction\",\"target\":{\"@type\":\"EntryPoint\",\"urlTemplate\":\"https:\/\/manoteises.lt\/atminimo-akmenys\/?s={search_term_string}\"},\"query-input\":{\"@type\":\"PropertyValueSpecification\",\"valueRequired\":true,\"valueName\":\"search_term_string\"}}],\"inLanguage\":\"en-US\"}]}<\/script>\n<!-- \/ Yoast SEO plugin. -->","yoast_head_json":{"title":"Lejba, Chaja ir Leja \u0160emiavi\u010diai - Atminimo akmenys","description":"Lejba, Chaja ir Leja \u0160emiavi\u010diai, Holokaustas, Vilnius, Vilniaus getas, Bezdoni\u0173 durpynas, Vasario 16-osios g. 8\/\u0160ermuk\u0161ni\u0173 g. 1 kampe, Paneriai","robots":{"index":"index","follow":"follow","max-snippet":"max-snippet:-1","max-image-preview":"max-image-preview:large","max-video-preview":"max-video-preview:-1"},"canonical":"https:\/\/manoteises.lt\/atminimo-akmenys\/vilnius\/semiaviciai\/","twitter_misc":{"Est. reading time":"1 minute"},"schema":{"@context":"https:\/\/schema.org","@graph":[{"@type":"WebPage","@id":"https:\/\/manoteises.lt\/atminimo-akmenys\/vilnius\/semiaviciai\/","url":"https:\/\/manoteises.lt\/atminimo-akmenys\/vilnius\/semiaviciai\/","name":"Lejba, Chaja ir Leja \u0160emiavi\u010diai","isPartOf":{"@id":"https:\/\/manoteises.lt\/atminimo-akmenys\/#website"},"datePublished":"2016-08-28T19:55:47+00:00","dateModified":"2020-10-21T11:52:10+00:00","description":"Lejba, Chaja ir Leja \u0160emiavi\u010diai, Holokaustas, Vilnius, Vilniaus getas, Bezdoni\u0173 durpynas, Vasario 16-osios g. 8\/\u0160ermuk\u0161ni\u0173 g. 1 kampe, Paneriai","breadcrumb":{"@id":"https:\/\/manoteises.lt\/atminimo-akmenys\/vilnius\/semiaviciai\/#breadcrumb"},"inLanguage":"en-US","potentialAction":[{"@type":"ReadAction","target":["https:\/\/manoteises.lt\/atminimo-akmenys\/vilnius\/semiaviciai\/"]}]},{"@type":"BreadcrumbList","@id":"https:\/\/manoteises.lt\/atminimo-akmenys\/vilnius\/semiaviciai\/#breadcrumb","itemListElement":[{"@type":"ListItem","position":1,"name":"Home","item":"https:\/\/manoteises.lt\/atminimo-akmenys\/"},{"@type":"ListItem","position":2,"name":"Vilnius","item":"https:\/\/manoteises.lt\/atminimo-akmenys\/vilnius\/"},{"@type":"ListItem","position":3,"name":"Lejba, Chaja ir Leja \u0160emiavi\u010diai"}]},{"@type":"WebSite","@id":"https:\/\/manoteises.lt\/atminimo-akmenys\/#website","url":"https:\/\/manoteises.lt\/atminimo-akmenys\/","name":"Atminimo akmenys","description":"","potentialAction":[{"@type":"SearchAction","target":{"@type":"EntryPoint","urlTemplate":"https:\/\/manoteises.lt\/atminimo-akmenys\/?s={search_term_string}"},"query-input":{"@type":"PropertyValueSpecification","valueRequired":true,"valueName":"search_term_string"}}],"inLanguage":"en-US"}]}},"_links":{"self":[{"href":"https:\/\/manoteises.lt\/atminimo-akmenys\/wp-json\/wp\/v2\/pages\/11093","targetHints":{"allow":["GET"]}}],"collection":[{"href":"https:\/\/manoteises.lt\/atminimo-akmenys\/wp-json\/wp\/v2\/pages"}],"about":[{"href":"https:\/\/manoteises.lt\/atminimo-akmenys\/wp-json\/wp\/v2\/types\/page"}],"author":[{"embeddable":true,"href":"https:\/\/manoteises.lt\/atminimo-akmenys\/wp-json\/wp\/v2\/users\/15"}],"replies":[{"embeddable":true,"href":"https:\/\/manoteises.lt\/atminimo-akmenys\/wp-json\/wp\/v2\/comments?post=11093"}],"version-history":[{"count":1,"href":"https:\/\/manoteises.lt\/atminimo-akmenys\/wp-json\/wp\/v2\/pages\/11093\/revisions"}],"predecessor-version":[{"id":23182,"href":"https:\/\/manoteises.lt\/atminimo-akmenys\/wp-json\/wp\/v2\/pages\/11093\/revisions\/23182"}],"up":[{"embeddable":true,"href":"https:\/\/manoteises.lt\/atminimo-akmenys\/wp-json\/wp\/v2\/pages\/10958"}],"wp:attachment":[{"href":"https:\/\/manoteises.lt\/atminimo-akmenys\/wp-json\/wp\/v2\/media?parent=11093"}],"curies":[{"name":"wp","href":"https:\/\/api.w.org\/{rel}","templated":true}]}}