{"id":11116,"date":"2016-08-28T23:26:35","date_gmt":"2016-08-28T20:26:35","guid":{"rendered":"http:\/\/manoteises.lt\/?page_id=11116"},"modified":"2020-10-21T14:50:31","modified_gmt":"2020-10-21T11:50:31","slug":"jakovas-lipsicas","status":"publish","type":"page","link":"https:\/\/manoteises.lt\/atminimo-akmenys\/kaunas\/jakovas-lipsicas\/","title":{"rendered":"Jakovas Lip\u0161icas"},"content":{"rendered":"<h1><strong>Jakovas Lip\u0161icas\u00a0<\/strong><\/h1>\n<p style=\"text-align: justify;\">(g. 1903, nu\u017eudytas 1945 m. Dachau koncentracijos stovykloje).<\/p>\n<p style=\"text-align: justify;\">Dailininkas, pie\u0161iniuose palik\u0119s pasakojim\u0105 apie \u017eaizdot\u0105 Kauno geto gyvenim\u0105.<\/p>\n<p style=\"text-align: justify;\">Meno mokykl\u0105 baig\u0119s Jakovas Lip\u0161icas iki Antrojo pasaulinio karo dalyvavo parodose, iliustravo knygas. 1941 m. dailininkas, u\u017edarytas \u012f get\u0105, i\u0161 prad\u017ei\u0173 pie\u0161\u0117 naktimis mansardoje, v\u0117liau prisijung\u0117 prie Esther, kuriai geto Vyresni\u0173j\u0173 tarybos buvo pavesta pie\u0161iniais dokumentuoti tai, kas vyksta aplinkui.<\/p>\n<p style=\"text-align: justify;\">Karui art\u0117jant \u012f pabaig\u0105, Jakovas buvo i\u0161si\u0173stas \u012f Dachau, v\u0117liau \u2012 \u012f Kauferingo prievartini\u0173 darb\u0173 stovykl\u0105. D\u0117l prastos sveikatos dailininkas mir\u0117. I\u0161gyvenusios Jakovo dukra Pepa ir \u017emona Lisa gr\u012f\u017eo \u012f buvusio geto teritorij\u0105 ir rado Jakovo darbus, pasl\u0117ptus kapin\u0117se.<\/p>\n<p style=\"text-align: justify;\">Bene labiausiai atpa\u017e\u012fstamas Jakovo darbas \u2013 \u201eSumu\u0161tas\u201c, dar \u017einomas kaip \u201eMano brolis Gedalyahu\u201c, vaizduojantis \u017eaizdot\u0105 vyro nugar\u0105. Pie\u0161inys saugomas Yad Vashem muziejaus archyve, Izraelyje.<\/p>\n<p style=\"text-align: justify;\"><strong>Atminimo akmuo Jakovui Lip\u0161icui \u012frengtas Darbinink\u0173 g. 15, Kaune, kur dalininkas gyveno tarpukariu.\u00a0<\/strong><\/p>\n","protected":false},"excerpt":{"rendered":"<p>Jakovas Lip\u0161icas\u00a0 (g. 1903, nu\u017eudytas 1945 m. Dachau koncentracijos stovykloje). Dailininkas, pie\u0161iniuose palik\u0119s pasakojim\u0105 apie \u017eaizdot\u0105 Kauno geto gyvenim\u0105. Meno mokykl\u0105 baig\u0119s Jakovas Lip\u0161icas iki Antrojo pasaulinio karo dalyvavo parodose, iliustravo knygas. 1941 m. dailininkas, u\u017edarytas \u012f get\u0105, i\u0161 prad\u017ei\u0173 pie\u0161\u0117 naktimis mansardoje, v\u0117liau prisijung\u0117 prie Esther, kuriai geto Vyresni\u0173j\u0173 tarybos buvo pavesta pie\u0161iniais dokumentuoti<\/p>\n","protected":false},"author":15,"featured_media":0,"parent":10931,"menu_order":0,"comment_status":"closed","ping_status":"closed","template":"page-akmenys-vidinis.php","meta":{"_acf_changed":false,"footnotes":""},"class_list":["post-11116","page","type-page","status-publish","hentry"],"acf":[],"yoast_head":"<!-- This site is optimized with the Yoast SEO plugin v26.9 - https:\/\/yoast.com\/product\/yoast-seo-wordpress\/ -->\n<title>Jakovas Lip\u0161icas - Atminimo akmenys<\/title>\n<meta name=\"description\" content=\"Jakovas Lip\u0161icas, Kauno getas, IX fortas, Holokaustas, Darbinink\u0173 g. 15 Kaunas, dailininkas, Esther Lurie, Dachau, Yad Vashem\" \/>\n<meta name=\"robots\" content=\"index, follow, max-snippet:-1, max-image-preview:large, max-video-preview:-1\" \/>\n<link rel=\"canonical\" href=\"https:\/\/manoteises.lt\/atminimo-akmenys\/kaunas\/jakovas-lipsicas\/\" \/>\n<meta name=\"twitter:label1\" content=\"Est. reading time\" \/>\n\t<meta name=\"twitter:data1\" content=\"1 minute\" \/>\n<script type=\"application\/ld+json\" class=\"yoast-schema-graph\">{\"@context\":\"https:\/\/schema.org\",\"@graph\":[{\"@type\":\"WebPage\",\"@id\":\"https:\/\/manoteises.lt\/atminimo-akmenys\/kaunas\/jakovas-lipsicas\/\",\"url\":\"https:\/\/manoteises.lt\/atminimo-akmenys\/kaunas\/jakovas-lipsicas\/\",\"name\":\"Jakovas Lip\u0161icas\",\"isPartOf\":{\"@id\":\"https:\/\/manoteises.lt\/atminimo-akmenys\/#website\"},\"datePublished\":\"2016-08-28T20:26:35+00:00\",\"dateModified\":\"2020-10-21T11:50:31+00:00\",\"description\":\"Jakovas Lip\u0161icas, Kauno getas, IX fortas, Holokaustas, Darbinink\u0173 g. 15 Kaunas, dailininkas, Esther Lurie, Dachau, Yad Vashem\",\"breadcrumb\":{\"@id\":\"https:\/\/manoteises.lt\/atminimo-akmenys\/kaunas\/jakovas-lipsicas\/#breadcrumb\"},\"inLanguage\":\"en-US\",\"potentialAction\":[{\"@type\":\"ReadAction\",\"target\":[\"https:\/\/manoteises.lt\/atminimo-akmenys\/kaunas\/jakovas-lipsicas\/\"]}]},{\"@type\":\"BreadcrumbList\",\"@id\":\"https:\/\/manoteises.lt\/atminimo-akmenys\/kaunas\/jakovas-lipsicas\/#breadcrumb\",\"itemListElement\":[{\"@type\":\"ListItem\",\"position\":1,\"name\":\"Home\",\"item\":\"https:\/\/manoteises.lt\/atminimo-akmenys\/\"},{\"@type\":\"ListItem\",\"position\":2,\"name\":\"Kaunas\",\"item\":\"https:\/\/manoteises.lt\/atminimo-akmenys\/kaunas\/\"},{\"@type\":\"ListItem\",\"position\":3,\"name\":\"Jakovas Lip\u0161icas\"}]},{\"@type\":\"WebSite\",\"@id\":\"https:\/\/manoteises.lt\/atminimo-akmenys\/#website\",\"url\":\"https:\/\/manoteises.lt\/atminimo-akmenys\/\",\"name\":\"Atminimo akmenys\",\"description\":\"\",\"potentialAction\":[{\"@type\":\"SearchAction\",\"target\":{\"@type\":\"EntryPoint\",\"urlTemplate\":\"https:\/\/manoteises.lt\/atminimo-akmenys\/?s={search_term_string}\"},\"query-input\":{\"@type\":\"PropertyValueSpecification\",\"valueRequired\":true,\"valueName\":\"search_term_string\"}}],\"inLanguage\":\"en-US\"}]}<\/script>\n<!-- \/ Yoast SEO plugin. -->","yoast_head_json":{"title":"Jakovas Lip\u0161icas - Atminimo akmenys","description":"Jakovas Lip\u0161icas, Kauno getas, IX fortas, Holokaustas, Darbinink\u0173 g. 15 Kaunas, dailininkas, Esther Lurie, Dachau, Yad Vashem","robots":{"index":"index","follow":"follow","max-snippet":"max-snippet:-1","max-image-preview":"max-image-preview:large","max-video-preview":"max-video-preview:-1"},"canonical":"https:\/\/manoteises.lt\/atminimo-akmenys\/kaunas\/jakovas-lipsicas\/","twitter_misc":{"Est. reading time":"1 minute"},"schema":{"@context":"https:\/\/schema.org","@graph":[{"@type":"WebPage","@id":"https:\/\/manoteises.lt\/atminimo-akmenys\/kaunas\/jakovas-lipsicas\/","url":"https:\/\/manoteises.lt\/atminimo-akmenys\/kaunas\/jakovas-lipsicas\/","name":"Jakovas Lip\u0161icas","isPartOf":{"@id":"https:\/\/manoteises.lt\/atminimo-akmenys\/#website"},"datePublished":"2016-08-28T20:26:35+00:00","dateModified":"2020-10-21T11:50:31+00:00","description":"Jakovas Lip\u0161icas, Kauno getas, IX fortas, Holokaustas, Darbinink\u0173 g. 15 Kaunas, dailininkas, Esther Lurie, Dachau, Yad Vashem","breadcrumb":{"@id":"https:\/\/manoteises.lt\/atminimo-akmenys\/kaunas\/jakovas-lipsicas\/#breadcrumb"},"inLanguage":"en-US","potentialAction":[{"@type":"ReadAction","target":["https:\/\/manoteises.lt\/atminimo-akmenys\/kaunas\/jakovas-lipsicas\/"]}]},{"@type":"BreadcrumbList","@id":"https:\/\/manoteises.lt\/atminimo-akmenys\/kaunas\/jakovas-lipsicas\/#breadcrumb","itemListElement":[{"@type":"ListItem","position":1,"name":"Home","item":"https:\/\/manoteises.lt\/atminimo-akmenys\/"},{"@type":"ListItem","position":2,"name":"Kaunas","item":"https:\/\/manoteises.lt\/atminimo-akmenys\/kaunas\/"},{"@type":"ListItem","position":3,"name":"Jakovas Lip\u0161icas"}]},{"@type":"WebSite","@id":"https:\/\/manoteises.lt\/atminimo-akmenys\/#website","url":"https:\/\/manoteises.lt\/atminimo-akmenys\/","name":"Atminimo akmenys","description":"","potentialAction":[{"@type":"SearchAction","target":{"@type":"EntryPoint","urlTemplate":"https:\/\/manoteises.lt\/atminimo-akmenys\/?s={search_term_string}"},"query-input":{"@type":"PropertyValueSpecification","valueRequired":true,"valueName":"search_term_string"}}],"inLanguage":"en-US"}]}},"_links":{"self":[{"href":"https:\/\/manoteises.lt\/atminimo-akmenys\/wp-json\/wp\/v2\/pages\/11116","targetHints":{"allow":["GET"]}}],"collection":[{"href":"https:\/\/manoteises.lt\/atminimo-akmenys\/wp-json\/wp\/v2\/pages"}],"about":[{"href":"https:\/\/manoteises.lt\/atminimo-akmenys\/wp-json\/wp\/v2\/types\/page"}],"author":[{"embeddable":true,"href":"https:\/\/manoteises.lt\/atminimo-akmenys\/wp-json\/wp\/v2\/users\/15"}],"replies":[{"embeddable":true,"href":"https:\/\/manoteises.lt\/atminimo-akmenys\/wp-json\/wp\/v2\/comments?post=11116"}],"version-history":[{"count":1,"href":"https:\/\/manoteises.lt\/atminimo-akmenys\/wp-json\/wp\/v2\/pages\/11116\/revisions"}],"predecessor-version":[{"id":23160,"href":"https:\/\/manoteises.lt\/atminimo-akmenys\/wp-json\/wp\/v2\/pages\/11116\/revisions\/23160"}],"up":[{"embeddable":true,"href":"https:\/\/manoteises.lt\/atminimo-akmenys\/wp-json\/wp\/v2\/pages\/10931"}],"wp:attachment":[{"href":"https:\/\/manoteises.lt\/atminimo-akmenys\/wp-json\/wp\/v2\/media?parent=11116"}],"curies":[{"name":"wp","href":"https:\/\/api.w.org\/{rel}","templated":true}]}}