{"id":17898,"date":"2018-09-01T12:23:59","date_gmt":"2018-09-01T09:23:59","guid":{"rendered":"http:\/\/manoteises.lt\/?page_id=17898"},"modified":"2020-10-21T13:42:04","modified_gmt":"2020-10-21T10:42:04","slug":"hirsas-kalmanavicius","status":"publish","type":"page","link":"https:\/\/manoteises.lt\/atminimo-akmenys\/alytus\/hirsas-kalmanavicius\/","title":{"rendered":"Hir\u0161as Kalmanavi\u010dius"},"content":{"rendered":"<h1 style=\"text-align: justify;\"><strong>Hir\u0161as Kalmanavi\u010dius<\/strong><\/h1>\n<p style=\"text-align: justify;\">(g. 1887 m. Alytuje, tikslios \u017e\u016bties aplinkyb\u0117s ne\u017einomos).<\/p>\n<p style=\"text-align: justify;\">Hir\u0161as Kalmanavi\u010dius gim\u0117 1887 m. Alytuje ir mok\u0117si \u017eyd\u0173 pradin\u0117je mokykloje. V\u0117liau i\u0161vyko \u012f Vilni\u0173 t\u0119sti moksl\u0173 mokykloje \u201eTikybos mokslams tyrin\u0117ti\u201c, kurioje baig\u0117 4 skyrius. \u0160ioje mokykloje buvo mokoma speciali\u0173j\u0173 tikybini\u0173 ir bendr\u0173j\u0173 mokslo dalyk\u0173, kurie atitiko 4 gimnazijos klases.<\/p>\n<p style=\"text-align: justify;\">1910 m. Hir\u0161as Vilniuje \u012fgijo mokytojo laipsn\u012f. Pirmojo pasaulinio karo metais, 1915 m., jis, kaip ir dauguma pasienio gubernij\u0173 \u017eyd\u0173, caro \u012fsakymu buvo deportuotas \u012f Rusijos gilum\u0105. Ten, dabartin\u0117s Baltarusijos teritorijoje, Lukomlio mieste t\u0119s\u0117 mokytojo karjer\u0105 ir vadovavo vietos \u017eyd\u0173 pradinei mokyklai. Karo laikotarpiu kur\u012f laik\u0105 gyveno Pinske (Baltarusija), Lom\u017eoje (Lenkija), kur ir toliau neapleido savo profesijos ir dirbo Lom\u017eos \u017eyd\u0173 gimnazijoje bei 1918-1921 m. d\u0117st\u0117 bendruosius dalykus.<\/p>\n<p style=\"text-align: justify;\">1921 metais Hir\u0161as Kalmanavi\u010dius gr\u012f\u017eo \u012f Alyt\u0173, tais pa\u010diais metais, rugs\u0117jo 30 d., jam buvo i\u0161duotas Lietuvos respublikos pasas. Nuo pat gr\u012f\u017eimo iki 1940 m. Hir\u0161as dirbo Alytaus \u017eyd\u0173 vidurin\u0117je mokykloje. V\u0117liau \u0161i mokykla pavadinta Alytaus \u017eyd\u0173 privatine progimnazija. Jo d\u0117stomi dalykai buvo geografija, istorija, hebraj\u0173 kalba ir tikyba (\u017eyd\u0173). Mokykla kelet\u0105 kart\u0173 keit\u0117 savo adres\u0105, ne visi jie \u017einomi, ta\u010diau kai 1922 m. Hir\u0161as Kalmanavi\u010dius prad\u0117jo joje mokytojauti, mokykla buvo \u012fsik\u016brusi U\u017euolankos g. 22 (dabar U\u017euolankos g. 30).<\/p>\n<p style=\"text-align: justify;\">Hir\u0161as Kalmanavi\u010dius buvo ved\u0119s, su \u017emona Dora tur\u0117jo s\u016bn\u0173 Jok\u016bb\u0105. Jie visi nu\u017eudyti Holokausto metu, 1941-aisiais metais. \u0160eimos gyvenamasis adresas ne\u017einomas.<\/p>\n<p style=\"text-align: justify;\">1941 m. Naciams u\u017e\u0117mus Alyt\u0173, nukent\u0117jo beveik be i\u0161imties visi miesto \u017eydai, tarp j\u0173 &#8211; ir Hir\u0161as Kalmanavi\u010dius. D\u0117l archyvini\u0173 dokument\u0173 tr\u016bkumo ne\u012fmanoma atkurti paskutini\u0173 H. Kalmanavi\u010diaus gyvenimo dien\u0173, ta\u010diau \u017einant kad, karo pabaigos sulauk\u0117 apie 4-5 proc. Lietuvos \u017eyd\u0173, galima teigti, kad Hir\u0161as Kalmanavi\u010dius buvo nu\u017eudytas kartu su visa miestelio bendruomene.<\/p>\n<p style=\"text-align: justify;\">Tok\u012f H. Kalmanavi\u010daus likim\u0105 patvirtina ir jo sesers Blumos Mintzer paliktas liudijimas \u0160oa auk\u0173 vard\u0173 pagrindin\u0117je duomen\u0173 baz\u0117je Izraelyje esan\u010diame Jad Va\u0161em Holokausto muziejuje ir tyrim\u0173 centre.<\/p>\n<p style=\"text-align: justify;\"><strong>Atminimo akmuo Hir\u0161ui Kalmanavi\u010diui \u012frengtas U\u017euolankos g. 30, kur jis dirbo mokytoju\u00a0Alytaus \u017eyd\u0173 vidurin\u0117je mokykloje.\u00a0<\/strong><\/p>\n<p>Atminimo akmuo Hir\u0161ui Kalmanavi\u010diui \u012fd\u0117tas giminai\u010di\u0173, Adolfo Ramanausko Vanago gimnazijos ir Putin\u0173 gimnazijos moksleivi\u0173, mokytoj\u0173 Meil\u0117s Plat\u016bkien\u0117s, Vilijos Baguckien\u0117s ir Alytaus miesto savivaldyb\u0117s iniciatyva.<\/p>\n","protected":false},"excerpt":{"rendered":"<p>Hir\u0161as Kalmanavi\u010dius (g. 1887 m. Alytuje, tikslios \u017e\u016bties aplinkyb\u0117s ne\u017einomos). Hir\u0161as Kalmanavi\u010dius gim\u0117 1887 m. Alytuje ir mok\u0117si \u017eyd\u0173 pradin\u0117je mokykloje. V\u0117liau i\u0161vyko \u012f Vilni\u0173 t\u0119sti moksl\u0173 mokykloje \u201eTikybos mokslams tyrin\u0117ti\u201c, kurioje baig\u0117 4 skyrius. \u0160ioje mokykloje buvo mokoma speciali\u0173j\u0173 tikybini\u0173 ir bendr\u0173j\u0173 mokslo dalyk\u0173, kurie atitiko 4 gimnazijos klases. 1910 m. Hir\u0161as Vilniuje \u012fgijo<\/p>\n","protected":false},"author":15,"featured_media":0,"parent":17885,"menu_order":1,"comment_status":"closed","ping_status":"closed","template":"page-akmenys-vidinis.php","meta":{"_acf_changed":false,"footnotes":""},"class_list":["post-17898","page","type-page","status-publish","hentry"],"acf":[],"yoast_head":"<!-- This site is optimized with the Yoast SEO plugin v26.9 - https:\/\/yoast.com\/product\/yoast-seo-wordpress\/ -->\n<title>Hir\u0161as Kalmanavi\u010dius - Atminimo akmenys<\/title>\n<meta name=\"description\" content=\"Hir\u0161as Kalmanavi\u010dius, Alytaus \u017eydai, Holokaustas Lietuvoje, Alytaus mokytojai, Alytaus istorija, Alytus, Atminimo akmenys\" \/>\n<meta name=\"robots\" content=\"index, follow, max-snippet:-1, max-image-preview:large, max-video-preview:-1\" \/>\n<link rel=\"canonical\" href=\"https:\/\/manoteises.lt\/atminimo-akmenys\/alytus\/hirsas-kalmanavicius\/\" \/>\n<meta name=\"twitter:label1\" content=\"Est. reading time\" \/>\n\t<meta name=\"twitter:data1\" content=\"2 minutes\" \/>\n<script type=\"application\/ld+json\" class=\"yoast-schema-graph\">{\"@context\":\"https:\/\/schema.org\",\"@graph\":[{\"@type\":\"WebPage\",\"@id\":\"https:\/\/manoteises.lt\/atminimo-akmenys\/alytus\/hirsas-kalmanavicius\/\",\"url\":\"https:\/\/manoteises.lt\/atminimo-akmenys\/alytus\/hirsas-kalmanavicius\/\",\"name\":\"Hir\u0161as Kalmanavi\u010dius\",\"isPartOf\":{\"@id\":\"https:\/\/manoteises.lt\/atminimo-akmenys\/#website\"},\"datePublished\":\"2018-09-01T09:23:59+00:00\",\"dateModified\":\"2020-10-21T10:42:04+00:00\",\"description\":\"Hir\u0161as Kalmanavi\u010dius, Alytaus \u017eydai, Holokaustas Lietuvoje, Alytaus mokytojai, Alytaus istorija, Alytus, Atminimo akmenys\",\"breadcrumb\":{\"@id\":\"https:\/\/manoteises.lt\/atminimo-akmenys\/alytus\/hirsas-kalmanavicius\/#breadcrumb\"},\"inLanguage\":\"en-US\",\"potentialAction\":[{\"@type\":\"ReadAction\",\"target\":[\"https:\/\/manoteises.lt\/atminimo-akmenys\/alytus\/hirsas-kalmanavicius\/\"]}]},{\"@type\":\"BreadcrumbList\",\"@id\":\"https:\/\/manoteises.lt\/atminimo-akmenys\/alytus\/hirsas-kalmanavicius\/#breadcrumb\",\"itemListElement\":[{\"@type\":\"ListItem\",\"position\":1,\"name\":\"Home\",\"item\":\"https:\/\/manoteises.lt\/atminimo-akmenys\/\"},{\"@type\":\"ListItem\",\"position\":2,\"name\":\"Alytus\",\"item\":\"https:\/\/manoteises.lt\/atminimo-akmenys\/alytus\/\"},{\"@type\":\"ListItem\",\"position\":3,\"name\":\"Hir\u0161as Kalmanavi\u010dius\"}]},{\"@type\":\"WebSite\",\"@id\":\"https:\/\/manoteises.lt\/atminimo-akmenys\/#website\",\"url\":\"https:\/\/manoteises.lt\/atminimo-akmenys\/\",\"name\":\"Atminimo akmenys\",\"description\":\"\",\"potentialAction\":[{\"@type\":\"SearchAction\",\"target\":{\"@type\":\"EntryPoint\",\"urlTemplate\":\"https:\/\/manoteises.lt\/atminimo-akmenys\/?s={search_term_string}\"},\"query-input\":{\"@type\":\"PropertyValueSpecification\",\"valueRequired\":true,\"valueName\":\"search_term_string\"}}],\"inLanguage\":\"en-US\"}]}<\/script>\n<!-- \/ Yoast SEO plugin. -->","yoast_head_json":{"title":"Hir\u0161as Kalmanavi\u010dius - Atminimo akmenys","description":"Hir\u0161as Kalmanavi\u010dius, Alytaus \u017eydai, Holokaustas Lietuvoje, Alytaus mokytojai, Alytaus istorija, Alytus, Atminimo akmenys","robots":{"index":"index","follow":"follow","max-snippet":"max-snippet:-1","max-image-preview":"max-image-preview:large","max-video-preview":"max-video-preview:-1"},"canonical":"https:\/\/manoteises.lt\/atminimo-akmenys\/alytus\/hirsas-kalmanavicius\/","twitter_misc":{"Est. reading time":"2 minutes"},"schema":{"@context":"https:\/\/schema.org","@graph":[{"@type":"WebPage","@id":"https:\/\/manoteises.lt\/atminimo-akmenys\/alytus\/hirsas-kalmanavicius\/","url":"https:\/\/manoteises.lt\/atminimo-akmenys\/alytus\/hirsas-kalmanavicius\/","name":"Hir\u0161as Kalmanavi\u010dius","isPartOf":{"@id":"https:\/\/manoteises.lt\/atminimo-akmenys\/#website"},"datePublished":"2018-09-01T09:23:59+00:00","dateModified":"2020-10-21T10:42:04+00:00","description":"Hir\u0161as Kalmanavi\u010dius, Alytaus \u017eydai, Holokaustas Lietuvoje, Alytaus mokytojai, Alytaus istorija, Alytus, Atminimo akmenys","breadcrumb":{"@id":"https:\/\/manoteises.lt\/atminimo-akmenys\/alytus\/hirsas-kalmanavicius\/#breadcrumb"},"inLanguage":"en-US","potentialAction":[{"@type":"ReadAction","target":["https:\/\/manoteises.lt\/atminimo-akmenys\/alytus\/hirsas-kalmanavicius\/"]}]},{"@type":"BreadcrumbList","@id":"https:\/\/manoteises.lt\/atminimo-akmenys\/alytus\/hirsas-kalmanavicius\/#breadcrumb","itemListElement":[{"@type":"ListItem","position":1,"name":"Home","item":"https:\/\/manoteises.lt\/atminimo-akmenys\/"},{"@type":"ListItem","position":2,"name":"Alytus","item":"https:\/\/manoteises.lt\/atminimo-akmenys\/alytus\/"},{"@type":"ListItem","position":3,"name":"Hir\u0161as Kalmanavi\u010dius"}]},{"@type":"WebSite","@id":"https:\/\/manoteises.lt\/atminimo-akmenys\/#website","url":"https:\/\/manoteises.lt\/atminimo-akmenys\/","name":"Atminimo akmenys","description":"","potentialAction":[{"@type":"SearchAction","target":{"@type":"EntryPoint","urlTemplate":"https:\/\/manoteises.lt\/atminimo-akmenys\/?s={search_term_string}"},"query-input":{"@type":"PropertyValueSpecification","valueRequired":true,"valueName":"search_term_string"}}],"inLanguage":"en-US"}]}},"_links":{"self":[{"href":"https:\/\/manoteises.lt\/atminimo-akmenys\/wp-json\/wp\/v2\/pages\/17898","targetHints":{"allow":["GET"]}}],"collection":[{"href":"https:\/\/manoteises.lt\/atminimo-akmenys\/wp-json\/wp\/v2\/pages"}],"about":[{"href":"https:\/\/manoteises.lt\/atminimo-akmenys\/wp-json\/wp\/v2\/types\/page"}],"author":[{"embeddable":true,"href":"https:\/\/manoteises.lt\/atminimo-akmenys\/wp-json\/wp\/v2\/users\/15"}],"replies":[{"embeddable":true,"href":"https:\/\/manoteises.lt\/atminimo-akmenys\/wp-json\/wp\/v2\/comments?post=17898"}],"version-history":[{"count":1,"href":"https:\/\/manoteises.lt\/atminimo-akmenys\/wp-json\/wp\/v2\/pages\/17898\/revisions"}],"predecessor-version":[{"id":23149,"href":"https:\/\/manoteises.lt\/atminimo-akmenys\/wp-json\/wp\/v2\/pages\/17898\/revisions\/23149"}],"up":[{"embeddable":true,"href":"https:\/\/manoteises.lt\/atminimo-akmenys\/wp-json\/wp\/v2\/pages\/17885"}],"wp:attachment":[{"href":"https:\/\/manoteises.lt\/atminimo-akmenys\/wp-json\/wp\/v2\/media?parent=17898"}],"curies":[{"name":"wp","href":"https:\/\/api.w.org\/{rel}","templated":true}]}}