{"id":17915,"date":"2018-09-01T12:39:18","date_gmt":"2018-09-01T09:39:18","guid":{"rendered":"http:\/\/manoteises.lt\/?page_id=17915"},"modified":"2020-10-21T13:42:27","modified_gmt":"2020-10-21T10:42:27","slug":"smuelis-beiralas","status":"publish","type":"page","link":"https:\/\/manoteises.lt\/atminimo-akmenys\/alytus\/smuelis-beiralas\/","title":{"rendered":"\u0160muelis Beiralas"},"content":{"rendered":"<h1 style=\"text-align: justify;\"><strong>\u0160muelis Beiralas<\/strong><\/h1>\n<p style=\"text-align: justify;\">(g. 1883 m. lapkri\u010dio 20 d. Alytuje,\u00a0 nu\u017eudytas 1942 m. Vidzgirio mi\u0161ke).<\/p>\n<p style=\"text-align: justify;\">Verslininkas, visuomen\u0117s veik\u0117jas. Baig\u0117 pradin\u0119 mokykl\u0105.<\/p>\n<p style=\"text-align: justify;\">Atk\u016brus Lietuvos valstybingum\u0105, aktyviai dalyvavo Alytaus miesto ir apskrities savivaldos institucij\u0173 k\u016brime. Teik\u0117 \u012fvairi\u0105 pagalb\u0105 besikurian\u010diam 1-ajam p\u0117stinink\u0173 pulkui. Kelis kartus buvo i\u0161rinktas \u012f Alytaus miesto taryb\u0105. Aktyviai dalyvavo Alytaus savanori\u0173 gaisrinink\u0173 draugijos veikloje, buvo ilgametis valdybos narys. Alytaus \u017eyd\u0173 liaudies banko valdybos narys. Dalyvavo \u012fvairi\u0173 lietuvi\u0173 ir \u017eyd\u0173 draugij\u0173 veikloje.<\/p>\n<p><strong>Atminimo akmuo \u0160mueliui Beiralui \u012frengtas Pulko g. 1.<\/strong><\/p>\n<p>Atminimo akmuo \u0160mueliui Beiralui \u012fd\u0117tas Adolfo Ramanausko Vanago gimnazijos ir Putin\u0173 gimnazijos moksleivi\u0173, mokytoj\u0173 Meil\u0117s Plat\u016bkien\u0117s, Vilijos Baguckien\u0117s ir Alytaus miesto savivaldyb\u0117s iniciatyva.<\/p>\n","protected":false},"excerpt":{"rendered":"<p>\u0160muelis Beiralas (g. 1883 m. lapkri\u010dio 20 d. Alytuje,\u00a0 nu\u017eudytas 1942 m. Vidzgirio mi\u0161ke). Verslininkas, visuomen\u0117s veik\u0117jas. Baig\u0117 pradin\u0119 mokykl\u0105. Atk\u016brus Lietuvos valstybingum\u0105, aktyviai dalyvavo Alytaus miesto ir apskrities savivaldos institucij\u0173 k\u016brime. Teik\u0117 \u012fvairi\u0105 pagalb\u0105 besikurian\u010diam 1-ajam p\u0117stinink\u0173 pulkui. Kelis kartus buvo i\u0161rinktas \u012f Alytaus miesto taryb\u0105. Aktyviai dalyvavo Alytaus savanori\u0173 gaisrinink\u0173 draugijos veikloje, buvo<\/p>\n","protected":false},"author":15,"featured_media":0,"parent":17885,"menu_order":6,"comment_status":"closed","ping_status":"closed","template":"page-akmenys-vidinis.php","meta":{"_acf_changed":false,"footnotes":""},"class_list":["post-17915","page","type-page","status-publish","hentry"],"acf":[],"yoast_head":"<!-- This site is optimized with the Yoast SEO plugin v26.9 - https:\/\/yoast.com\/product\/yoast-seo-wordpress\/ -->\n<title>\u0160muelis Beiralas &#8211; Atminimo akmenys<\/title>\n<meta name=\"robots\" content=\"index, follow, max-snippet:-1, max-image-preview:large, max-video-preview:-1\" \/>\n<link rel=\"canonical\" href=\"https:\/\/manoteises.lt\/atminimo-akmenys\/alytus\/smuelis-beiralas\/\" \/>\n<meta name=\"twitter:label1\" content=\"Est. reading time\" \/>\n\t<meta name=\"twitter:data1\" content=\"1 minute\" \/>\n<script type=\"application\/ld+json\" class=\"yoast-schema-graph\">{\"@context\":\"https:\/\/schema.org\",\"@graph\":[{\"@type\":\"WebPage\",\"@id\":\"https:\/\/manoteises.lt\/atminimo-akmenys\/alytus\/smuelis-beiralas\/\",\"url\":\"https:\/\/manoteises.lt\/atminimo-akmenys\/alytus\/smuelis-beiralas\/\",\"name\":\"\u0160muelis Beiralas &#8211; Atminimo akmenys\",\"isPartOf\":{\"@id\":\"https:\/\/manoteises.lt\/atminimo-akmenys\/#website\"},\"datePublished\":\"2018-09-01T09:39:18+00:00\",\"dateModified\":\"2020-10-21T10:42:27+00:00\",\"breadcrumb\":{\"@id\":\"https:\/\/manoteises.lt\/atminimo-akmenys\/alytus\/smuelis-beiralas\/#breadcrumb\"},\"inLanguage\":\"en-US\",\"potentialAction\":[{\"@type\":\"ReadAction\",\"target\":[\"https:\/\/manoteises.lt\/atminimo-akmenys\/alytus\/smuelis-beiralas\/\"]}]},{\"@type\":\"BreadcrumbList\",\"@id\":\"https:\/\/manoteises.lt\/atminimo-akmenys\/alytus\/smuelis-beiralas\/#breadcrumb\",\"itemListElement\":[{\"@type\":\"ListItem\",\"position\":1,\"name\":\"Home\",\"item\":\"https:\/\/manoteises.lt\/atminimo-akmenys\/\"},{\"@type\":\"ListItem\",\"position\":2,\"name\":\"Alytus\",\"item\":\"https:\/\/manoteises.lt\/atminimo-akmenys\/alytus\/\"},{\"@type\":\"ListItem\",\"position\":3,\"name\":\"\u0160muelis Beiralas\"}]},{\"@type\":\"WebSite\",\"@id\":\"https:\/\/manoteises.lt\/atminimo-akmenys\/#website\",\"url\":\"https:\/\/manoteises.lt\/atminimo-akmenys\/\",\"name\":\"Atminimo akmenys\",\"description\":\"\",\"potentialAction\":[{\"@type\":\"SearchAction\",\"target\":{\"@type\":\"EntryPoint\",\"urlTemplate\":\"https:\/\/manoteises.lt\/atminimo-akmenys\/?s={search_term_string}\"},\"query-input\":{\"@type\":\"PropertyValueSpecification\",\"valueRequired\":true,\"valueName\":\"search_term_string\"}}],\"inLanguage\":\"en-US\"}]}<\/script>\n<!-- \/ Yoast SEO plugin. -->","yoast_head_json":{"title":"\u0160muelis Beiralas &#8211; Atminimo akmenys","robots":{"index":"index","follow":"follow","max-snippet":"max-snippet:-1","max-image-preview":"max-image-preview:large","max-video-preview":"max-video-preview:-1"},"canonical":"https:\/\/manoteises.lt\/atminimo-akmenys\/alytus\/smuelis-beiralas\/","twitter_misc":{"Est. reading time":"1 minute"},"schema":{"@context":"https:\/\/schema.org","@graph":[{"@type":"WebPage","@id":"https:\/\/manoteises.lt\/atminimo-akmenys\/alytus\/smuelis-beiralas\/","url":"https:\/\/manoteises.lt\/atminimo-akmenys\/alytus\/smuelis-beiralas\/","name":"\u0160muelis Beiralas &#8211; Atminimo akmenys","isPartOf":{"@id":"https:\/\/manoteises.lt\/atminimo-akmenys\/#website"},"datePublished":"2018-09-01T09:39:18+00:00","dateModified":"2020-10-21T10:42:27+00:00","breadcrumb":{"@id":"https:\/\/manoteises.lt\/atminimo-akmenys\/alytus\/smuelis-beiralas\/#breadcrumb"},"inLanguage":"en-US","potentialAction":[{"@type":"ReadAction","target":["https:\/\/manoteises.lt\/atminimo-akmenys\/alytus\/smuelis-beiralas\/"]}]},{"@type":"BreadcrumbList","@id":"https:\/\/manoteises.lt\/atminimo-akmenys\/alytus\/smuelis-beiralas\/#breadcrumb","itemListElement":[{"@type":"ListItem","position":1,"name":"Home","item":"https:\/\/manoteises.lt\/atminimo-akmenys\/"},{"@type":"ListItem","position":2,"name":"Alytus","item":"https:\/\/manoteises.lt\/atminimo-akmenys\/alytus\/"},{"@type":"ListItem","position":3,"name":"\u0160muelis Beiralas"}]},{"@type":"WebSite","@id":"https:\/\/manoteises.lt\/atminimo-akmenys\/#website","url":"https:\/\/manoteises.lt\/atminimo-akmenys\/","name":"Atminimo akmenys","description":"","potentialAction":[{"@type":"SearchAction","target":{"@type":"EntryPoint","urlTemplate":"https:\/\/manoteises.lt\/atminimo-akmenys\/?s={search_term_string}"},"query-input":{"@type":"PropertyValueSpecification","valueRequired":true,"valueName":"search_term_string"}}],"inLanguage":"en-US"}]}},"_links":{"self":[{"href":"https:\/\/manoteises.lt\/atminimo-akmenys\/wp-json\/wp\/v2\/pages\/17915","targetHints":{"allow":["GET"]}}],"collection":[{"href":"https:\/\/manoteises.lt\/atminimo-akmenys\/wp-json\/wp\/v2\/pages"}],"about":[{"href":"https:\/\/manoteises.lt\/atminimo-akmenys\/wp-json\/wp\/v2\/types\/page"}],"author":[{"embeddable":true,"href":"https:\/\/manoteises.lt\/atminimo-akmenys\/wp-json\/wp\/v2\/users\/15"}],"replies":[{"embeddable":true,"href":"https:\/\/manoteises.lt\/atminimo-akmenys\/wp-json\/wp\/v2\/comments?post=17915"}],"version-history":[{"count":1,"href":"https:\/\/manoteises.lt\/atminimo-akmenys\/wp-json\/wp\/v2\/pages\/17915\/revisions"}],"predecessor-version":[{"id":23154,"href":"https:\/\/manoteises.lt\/atminimo-akmenys\/wp-json\/wp\/v2\/pages\/17915\/revisions\/23154"}],"up":[{"embeddable":true,"href":"https:\/\/manoteises.lt\/atminimo-akmenys\/wp-json\/wp\/v2\/pages\/17885"}],"wp:attachment":[{"href":"https:\/\/manoteises.lt\/atminimo-akmenys\/wp-json\/wp\/v2\/media?parent=17915"}],"curies":[{"name":"wp","href":"https:\/\/api.w.org\/{rel}","templated":true}]}}